{"id":8029,"date":"2026-04-28T16:24:05","date_gmt":"2026-04-28T15:24:05","guid":{"rendered":"https:\/\/homemadeby.dk\/?post_type=tribe_events&#038;p=8029"},"modified":"2026-04-28T16:24:05","modified_gmt":"2026-04-28T15:24:05","slug":"aabningsreception-for-slaa-masker-op","status":"publish","type":"tribe_events","link":"https:\/\/homemadeby.dk\/index.php\/event\/aabningsreception-for-slaa-masker-op\/","title":{"rendered":""},"content":{"rendered":"<div class=\"xdj266r x14z9mp xat24cr x1lziwak x1vvkbs x126k92a\">\n<div dir=\"auto\"><strong>NY GARNBUTIK I BUTIKKEN\u00a0<\/strong><\/div>\n<div dir=\"auto\"><\/div>\n<\/div>\n<div class=\"x14z9mp xat24cr x1lziwak x1vvkbs xtlvy1s x126k92a\">\n<div dir=\"auto\"><strong>Sl\u00e5 masker op \u00e5bner i Homemade &amp; Co!<\/strong><\/div>\n<div dir=\"auto\"><\/div>\n<\/div>\n<div class=\"x14z9mp xat24cr x1lziwak x1vvkbs xtlvy1s x126k92a\">\n<div dir=\"auto\">Vi har lyttet til jer\u2026 og nu sker det<\/div>\n<div dir=\"auto\"><\/div>\n<\/div>\n<div class=\"x14z9mp xat24cr x1lziwak x1vvkbs xtlvy1s x126k92a\">\n<div dir=\"auto\">Onsdag den 6. maj kl. 13\u201317 inviterer Sl\u00e5 masker op til \u00e5bningsreception af den nye garnbutik i butikken.<\/div>\n<div dir=\"auto\">Og der er 10% \u00e5bningsrabat resten af ugen.<\/div>\n<div dir=\"auto\"><\/div>\n<\/div>\n<div class=\"x14z9mp xat24cr x1lziwak x1vvkbs xtlvy1s x126k92a\">\n<div dir=\"auto\">Kom og m\u00f8d Anna, som st\u00e5r bag Sl\u00e5 masker op \u2013 og f\u00e5 inspiration til dit n\u00e6ste strikkeprojekt:<\/div>\n<div dir=\"auto\"><\/div>\n<\/div>\n<div class=\"x14z9mp xat24cr x1lziwak x1vvkbs xtlvy1s x126k92a\">\n<div dir=\"auto\"><span class=\"html-span xexx8yu xyri2b x18d9i69 x1c1uobl x1hl2dhg x16tdsg8 x1vvkbs x3nfvp2 x1j61x8r x1fcty0u xdj266r xat24cr xm2jcoa x1mpyi22 xxymvpz xlup9mm x1kky2od\"><img loading=\"lazy\" decoding=\"async\" class=\"xz74otr x15mokao x1ga7v0g x16uus16 xbiv7yw\" src=\"https:\/\/static.xx.fbcdn.net\/images\/emoji.php\/v9\/t21\/1\/16\/1f9f6.png\" alt=\"\ud83e\uddf6\" width=\"16\" height=\"16\" \/><\/span> L\u00e6kkert garn<\/div>\n<div dir=\"auto\"><span class=\"html-span xexx8yu xyri2b x18d9i69 x1c1uobl x1hl2dhg x16tdsg8 x1vvkbs x3nfvp2 x1j61x8r x1fcty0u xdj266r xat24cr xm2jcoa x1mpyi22 xxymvpz xlup9mm x1kky2od\"><img loading=\"lazy\" decoding=\"async\" class=\"xz74otr x15mokao x1ga7v0g x16uus16 xbiv7yw\" src=\"https:\/\/static.xx.fbcdn.net\/images\/emoji.php\/v9\/t9e\/1\/16\/1f4d6.png\" alt=\"\ud83d\udcd6\" width=\"16\" height=\"16\" \/><\/span> Opskrifter<\/div>\n<div dir=\"auto\"><span class=\"html-span xexx8yu xyri2b x18d9i69 x1c1uobl x1hl2dhg x16tdsg8 x1vvkbs x3nfvp2 x1j61x8r x1fcty0u xdj266r xat24cr xm2jcoa x1mpyi22 xxymvpz xlup9mm x1kky2od\"><img loading=\"lazy\" decoding=\"async\" class=\"xz74otr x15mokao x1ga7v0g x16uus16 xbiv7yw\" src=\"https:\/\/static.xx.fbcdn.net\/images\/emoji.php\/v9\/t84\/1\/16\/1f381.png\" alt=\"\ud83c\udf81\" width=\"16\" height=\"16\" \/><\/span> Strikke-kits<\/div>\n<div dir=\"auto\"><span class=\"html-span xexx8yu xyri2b x18d9i69 x1c1uobl x1hl2dhg x16tdsg8 x1vvkbs x3nfvp2 x1j61x8r x1fcty0u xdj266r xat24cr xm2jcoa x1mpyi22 xxymvpz xlup9mm x1kky2od\"><img loading=\"lazy\" decoding=\"async\" class=\"xz74otr x15mokao x1ga7v0g x16uus16 xbiv7yw\" src=\"https:\/\/static.xx.fbcdn.net\/images\/emoji.php\/v9\/ta9\/1\/16\/1faa1.png\" alt=\"\ud83e\udea1\" width=\"16\" height=\"16\" \/><\/span> Tilbeh\u00f8r<\/div>\n<div dir=\"auto\"><\/div>\n<\/div>\n<div class=\"x14z9mp xat24cr x1lziwak x1vvkbs xtlvy1s x126k92a\">\n<div dir=\"auto\">Anna vil fremover v\u00e6re i butikken hver l\u00f8rdag, klar til at hj\u00e6lpe dig med alt fra garnvalg til id\u00e9er. lokalt<\/div>\n<div dir=\"auto\"><\/div>\n<\/div>\n","protected":false},"excerpt":{"rendered":"<p>NY GARNBUTIK I BUTIKKEN\u00a0 Sl\u00e5 masker op \u00e5bner i Homemade &amp; Co! Vi har lyttet til jer\u2026 og nu sker det Onsdag den 6. maj kl. 13\u201317 inviterer Sl\u00e5 masker&#8230;<\/p>\n","protected":false},"author":1,"featured_media":8030,"template":"","meta":{"_tribe_events_status":"","_tribe_events_status_reason":"","footnotes":""},"tags":[1524,1520,1523,1526,1502,1522,581,1470,1233,1525,1528,1529,1527,1519,1521,1530,1482,1386],"tribe_events_cat":[209],"class_list":["post-8029","tribe_events","type-tribe_events","status-publish","has-post-thumbnail","hentry","tag-aabningsrabat","tag-aabningsreception","tag-anna","tag-elskerstrik","tag-garn-og-strik","tag-garnbutik-i-butikken","tag-hasselager","tag-homemade-co","tag-homemadeandco","tag-kom-til-aabningen","tag-komogkig","tag-livsstilsbutikken","tag-opskrifter","tag-reception","tag-slaa-masker-op","tag-stoet","tag-strikkecafe-i-butik-med-garn-og-inspiration","tag-strikketoej","tribe_events_cat-aabent-hus","cat_aabent-hus"],"yoast_head":"<!-- This site is optimized with the Yoast SEO plugin v27.5 - https:\/\/yoast.com\/product\/yoast-seo-wordpress\/ -->\n<title>\u00c5bningsreception for Sl\u00e5 masker op - garnbutikken i butikken<\/title>\n<meta name=\"description\" content=\"\u00c5bningsreception for Sl\u00e5 masker op - garnbutikken i Homemade &amp; Co p\u00e5 Vangsbovej 1 i Hasselager. \u00c5bningsrabat p\u00e5 alt i garnbutikken p\u00e5 10%\" \/>\n<meta name=\"robots\" content=\"index, follow, max-snippet:-1, max-image-preview:large, max-video-preview:-1\" \/>\n<link rel=\"canonical\" href=\"https:\/\/homemadeby.dk\/index.php\/event\/aabningsreception-for-slaa-masker-op\/\" \/>\n<meta property=\"og:locale\" content=\"da_DK\" \/>\n<meta property=\"og:type\" content=\"article\" \/>\n<meta property=\"og:title\" content=\"\u00c5bningsreception for Sl\u00e5 masker op - garnbutikken i butikken\" \/>\n<meta property=\"og:description\" content=\"\u00c5bningsreception for Sl\u00e5 masker op - garnbutikken i Homemade &amp; Co p\u00e5 Vangsbovej 1 i Hasselager. \u00c5bningsrabat p\u00e5 alt i garnbutikken p\u00e5 10%\" \/>\n<meta property=\"og:url\" content=\"https:\/\/homemadeby.dk\/index.php\/event\/aabningsreception-for-slaa-masker-op\/\" \/>\n<meta property=\"og:site_name\" content=\"Homemade By\" \/>\n<meta property=\"article:publisher\" content=\"https:\/\/www.facebook.com\/homemadebydotdk\" \/>\n<meta property=\"og:image\" content=\"https:\/\/homemadeby.dk\/wp-content\/uploads\/2026\/04\/Homemade-Co-Aabningsreception-for-Slaa-masker-op.png\" \/>\n\t<meta property=\"og:image:width\" content=\"1080\" \/>\n\t<meta property=\"og:image:height\" content=\"1350\" \/>\n\t<meta property=\"og:image:type\" content=\"image\/png\" \/>\n<meta name=\"twitter:card\" content=\"summary_large_image\" \/>\n<script type=\"application\/ld+json\" class=\"yoast-schema-graph\">{\"@context\":\"https:\\\/\\\/schema.org\",\"@graph\":[{\"@type\":\"WebPage\",\"@id\":\"https:\\\/\\\/homemadeby.dk\\\/index.php\\\/event\\\/aabningsreception-for-slaa-masker-op\\\/\",\"url\":\"https:\\\/\\\/homemadeby.dk\\\/index.php\\\/event\\\/aabningsreception-for-slaa-masker-op\\\/\",\"name\":\"\u00c5bningsreception for Sl\u00e5 masker op - garnbutikken i butikken\",\"isPartOf\":{\"@id\":\"https:\\\/\\\/homemadeby.dk\\\/#website\"},\"primaryImageOfPage\":{\"@id\":\"https:\\\/\\\/homemadeby.dk\\\/index.php\\\/event\\\/aabningsreception-for-slaa-masker-op\\\/#primaryimage\"},\"image\":{\"@id\":\"https:\\\/\\\/homemadeby.dk\\\/index.php\\\/event\\\/aabningsreception-for-slaa-masker-op\\\/#primaryimage\"},\"thumbnailUrl\":\"https:\\\/\\\/homemadeby.dk\\\/wp-content\\\/uploads\\\/2026\\\/04\\\/Homemade-Co-Aabningsreception-for-Slaa-masker-op.png\",\"datePublished\":\"2026-04-28T15:24:05+00:00\",\"description\":\"\u00c5bningsreception for Sl\u00e5 masker op - garnbutikken i Homemade & Co p\u00e5 Vangsbovej 1 i Hasselager. \u00c5bningsrabat p\u00e5 alt i garnbutikken p\u00e5 10%\",\"breadcrumb\":{\"@id\":\"https:\\\/\\\/homemadeby.dk\\\/index.php\\\/event\\\/aabningsreception-for-slaa-masker-op\\\/#breadcrumb\"},\"inLanguage\":\"da-DK\",\"potentialAction\":[{\"@type\":\"ReadAction\",\"target\":[\"https:\\\/\\\/homemadeby.dk\\\/index.php\\\/event\\\/aabningsreception-for-slaa-masker-op\\\/\"]}]},{\"@type\":\"ImageObject\",\"inLanguage\":\"da-DK\",\"@id\":\"https:\\\/\\\/homemadeby.dk\\\/index.php\\\/event\\\/aabningsreception-for-slaa-masker-op\\\/#primaryimage\",\"url\":\"https:\\\/\\\/homemadeby.dk\\\/wp-content\\\/uploads\\\/2026\\\/04\\\/Homemade-Co-Aabningsreception-for-Slaa-masker-op.png\",\"contentUrl\":\"https:\\\/\\\/homemadeby.dk\\\/wp-content\\\/uploads\\\/2026\\\/04\\\/Homemade-Co-Aabningsreception-for-Slaa-masker-op.png\",\"width\":1080,\"height\":1350,\"caption\":\"Onsdag den 6. maj kl. 13\u201317 inviterer Sl\u00e5 masker op til \u00e5bningsreception af den nye garnbutik i butikken. Og der er 10% \u00e5bningsrabat resten af ugen.\"},{\"@type\":\"BreadcrumbList\",\"@id\":\"https:\\\/\\\/homemadeby.dk\\\/index.php\\\/event\\\/aabningsreception-for-slaa-masker-op\\\/#breadcrumb\",\"itemListElement\":[{\"@type\":\"ListItem\",\"position\":1,\"name\":\"Hjem\",\"item\":\"https:\\\/\\\/homemadeby.dk\\\/\"},{\"@type\":\"ListItem\",\"position\":2,\"name\":\"Begivenheder\",\"item\":\"https:\\\/\\\/homemadeby.dk\\\/index.php\\\/events\\\/\"}]},{\"@type\":\"WebSite\",\"@id\":\"https:\\\/\\\/homemadeby.dk\\\/#website\",\"url\":\"https:\\\/\\\/homemadeby.dk\\\/\",\"name\":\"Homemade By\",\"description\":\"Designer, producerer og s\u00e6lger hjemmelavet kvalitetsh\u00e5ndv\u00e6rk, fx smykker, interi\u00f8r, pynt og gaveartikler\",\"publisher\":{\"@id\":\"https:\\\/\\\/homemadeby.dk\\\/#organization\"},\"potentialAction\":[{\"@type\":\"SearchAction\",\"target\":{\"@type\":\"EntryPoint\",\"urlTemplate\":\"https:\\\/\\\/homemadeby.dk\\\/?s={search_term_string}\"},\"query-input\":{\"@type\":\"PropertyValueSpecification\",\"valueRequired\":true,\"valueName\":\"search_term_string\"}}],\"inLanguage\":\"da-DK\"},{\"@type\":\"Organization\",\"@id\":\"https:\\\/\\\/homemadeby.dk\\\/#organization\",\"name\":\"HomemadeBy\",\"url\":\"https:\\\/\\\/homemadeby.dk\\\/\",\"logo\":{\"@type\":\"ImageObject\",\"inLanguage\":\"da-DK\",\"@id\":\"https:\\\/\\\/homemadeby.dk\\\/#\\\/schema\\\/logo\\\/image\\\/\",\"url\":\"https:\\\/\\\/homemadeby.dk\\\/wp-content\\\/uploads\\\/2021\\\/09\\\/Logo_green.png\",\"contentUrl\":\"https:\\\/\\\/homemadeby.dk\\\/wp-content\\\/uploads\\\/2021\\\/09\\\/Logo_green.png\",\"width\":65,\"height\":58,\"caption\":\"HomemadeBy\"},\"image\":{\"@id\":\"https:\\\/\\\/homemadeby.dk\\\/#\\\/schema\\\/logo\\\/image\\\/\"},\"sameAs\":[\"https:\\\/\\\/www.facebook.com\\\/homemadebydotdk\",\"https:\\\/\\\/www.instagram.com\\\/homemadeby.dk\\\/\"]}]}<\/script>\n<!-- \/ Yoast SEO plugin. -->","yoast_head_json":{"title":"\u00c5bningsreception for Sl\u00e5 masker op - garnbutikken i butikken","description":"\u00c5bningsreception for Sl\u00e5 masker op - garnbutikken i Homemade & Co p\u00e5 Vangsbovej 1 i Hasselager. \u00c5bningsrabat p\u00e5 alt i garnbutikken p\u00e5 10%","robots":{"index":"index","follow":"follow","max-snippet":"max-snippet:-1","max-image-preview":"max-image-preview:large","max-video-preview":"max-video-preview:-1"},"canonical":"https:\/\/homemadeby.dk\/index.php\/event\/aabningsreception-for-slaa-masker-op\/","og_locale":"da_DK","og_type":"article","og_title":"\u00c5bningsreception for Sl\u00e5 masker op - garnbutikken i butikken","og_description":"\u00c5bningsreception for Sl\u00e5 masker op - garnbutikken i Homemade & Co p\u00e5 Vangsbovej 1 i Hasselager. \u00c5bningsrabat p\u00e5 alt i garnbutikken p\u00e5 10%","og_url":"https:\/\/homemadeby.dk\/index.php\/event\/aabningsreception-for-slaa-masker-op\/","og_site_name":"Homemade By","article_publisher":"https:\/\/www.facebook.com\/homemadebydotdk","og_image":[{"width":1080,"height":1350,"url":"https:\/\/homemadeby.dk\/wp-content\/uploads\/2026\/04\/Homemade-Co-Aabningsreception-for-Slaa-masker-op.png","type":"image\/png"}],"twitter_card":"summary_large_image","schema":{"@context":"https:\/\/schema.org","@graph":[{"@type":"WebPage","@id":"https:\/\/homemadeby.dk\/index.php\/event\/aabningsreception-for-slaa-masker-op\/","url":"https:\/\/homemadeby.dk\/index.php\/event\/aabningsreception-for-slaa-masker-op\/","name":"\u00c5bningsreception for Sl\u00e5 masker op - garnbutikken i butikken","isPartOf":{"@id":"https:\/\/homemadeby.dk\/#website"},"primaryImageOfPage":{"@id":"https:\/\/homemadeby.dk\/index.php\/event\/aabningsreception-for-slaa-masker-op\/#primaryimage"},"image":{"@id":"https:\/\/homemadeby.dk\/index.php\/event\/aabningsreception-for-slaa-masker-op\/#primaryimage"},"thumbnailUrl":"https:\/\/homemadeby.dk\/wp-content\/uploads\/2026\/04\/Homemade-Co-Aabningsreception-for-Slaa-masker-op.png","datePublished":"2026-04-28T15:24:05+00:00","description":"\u00c5bningsreception for Sl\u00e5 masker op - garnbutikken i Homemade & Co p\u00e5 Vangsbovej 1 i Hasselager. \u00c5bningsrabat p\u00e5 alt i garnbutikken p\u00e5 10%","breadcrumb":{"@id":"https:\/\/homemadeby.dk\/index.php\/event\/aabningsreception-for-slaa-masker-op\/#breadcrumb"},"inLanguage":"da-DK","potentialAction":[{"@type":"ReadAction","target":["https:\/\/homemadeby.dk\/index.php\/event\/aabningsreception-for-slaa-masker-op\/"]}]},{"@type":"ImageObject","inLanguage":"da-DK","@id":"https:\/\/homemadeby.dk\/index.php\/event\/aabningsreception-for-slaa-masker-op\/#primaryimage","url":"https:\/\/homemadeby.dk\/wp-content\/uploads\/2026\/04\/Homemade-Co-Aabningsreception-for-Slaa-masker-op.png","contentUrl":"https:\/\/homemadeby.dk\/wp-content\/uploads\/2026\/04\/Homemade-Co-Aabningsreception-for-Slaa-masker-op.png","width":1080,"height":1350,"caption":"Onsdag den 6. maj kl. 13\u201317 inviterer Sl\u00e5 masker op til \u00e5bningsreception af den nye garnbutik i butikken. Og der er 10% \u00e5bningsrabat resten af ugen."},{"@type":"BreadcrumbList","@id":"https:\/\/homemadeby.dk\/index.php\/event\/aabningsreception-for-slaa-masker-op\/#breadcrumb","itemListElement":[{"@type":"ListItem","position":1,"name":"Hjem","item":"https:\/\/homemadeby.dk\/"},{"@type":"ListItem","position":2,"name":"Begivenheder","item":"https:\/\/homemadeby.dk\/index.php\/events\/"}]},{"@type":"WebSite","@id":"https:\/\/homemadeby.dk\/#website","url":"https:\/\/homemadeby.dk\/","name":"Homemade By","description":"Designer, producerer og s\u00e6lger hjemmelavet kvalitetsh\u00e5ndv\u00e6rk, fx smykker, interi\u00f8r, pynt og gaveartikler","publisher":{"@id":"https:\/\/homemadeby.dk\/#organization"},"potentialAction":[{"@type":"SearchAction","target":{"@type":"EntryPoint","urlTemplate":"https:\/\/homemadeby.dk\/?s={search_term_string}"},"query-input":{"@type":"PropertyValueSpecification","valueRequired":true,"valueName":"search_term_string"}}],"inLanguage":"da-DK"},{"@type":"Organization","@id":"https:\/\/homemadeby.dk\/#organization","name":"HomemadeBy","url":"https:\/\/homemadeby.dk\/","logo":{"@type":"ImageObject","inLanguage":"da-DK","@id":"https:\/\/homemadeby.dk\/#\/schema\/logo\/image\/","url":"https:\/\/homemadeby.dk\/wp-content\/uploads\/2021\/09\/Logo_green.png","contentUrl":"https:\/\/homemadeby.dk\/wp-content\/uploads\/2021\/09\/Logo_green.png","width":65,"height":58,"caption":"HomemadeBy"},"image":{"@id":"https:\/\/homemadeby.dk\/#\/schema\/logo\/image\/"},"sameAs":["https:\/\/www.facebook.com\/homemadebydotdk","https:\/\/www.instagram.com\/homemadeby.dk\/"]}]}},"_links":{"self":[{"href":"https:\/\/homemadeby.dk\/index.php\/wp-json\/wp\/v2\/tribe_events\/8029","targetHints":{"allow":["GET"]}}],"collection":[{"href":"https:\/\/homemadeby.dk\/index.php\/wp-json\/wp\/v2\/tribe_events"}],"about":[{"href":"https:\/\/homemadeby.dk\/index.php\/wp-json\/wp\/v2\/types\/tribe_events"}],"author":[{"embeddable":true,"href":"https:\/\/homemadeby.dk\/index.php\/wp-json\/wp\/v2\/users\/1"}],"version-history":[{"count":1,"href":"https:\/\/homemadeby.dk\/index.php\/wp-json\/wp\/v2\/tribe_events\/8029\/revisions"}],"predecessor-version":[{"id":8031,"href":"https:\/\/homemadeby.dk\/index.php\/wp-json\/wp\/v2\/tribe_events\/8029\/revisions\/8031"}],"wp:featuredmedia":[{"embeddable":true,"href":"https:\/\/homemadeby.dk\/index.php\/wp-json\/wp\/v2\/media\/8030"}],"wp:attachment":[{"href":"https:\/\/homemadeby.dk\/index.php\/wp-json\/wp\/v2\/media?parent=8029"}],"wp:term":[{"taxonomy":"post_tag","embeddable":true,"href":"https:\/\/homemadeby.dk\/index.php\/wp-json\/wp\/v2\/tags?post=8029"},{"taxonomy":"tribe_events_cat","embeddable":true,"href":"https:\/\/homemadeby.dk\/index.php\/wp-json\/wp\/v2\/tribe_events_cat?post=8029"}],"curies":[{"name":"wp","href":"https:\/\/api.w.org\/{rel}","templated":true}]}}